{"id":544,"date":"2023-03-01T23:21:15","date_gmt":"2023-03-01T22:21:15","guid":{"rendered":"https:\/\/agirabcd31.fr\/2ae\/?post_type=event_listing&#038;p=544"},"modified":"2023-10-27T18:30:09","modified_gmt":"2023-10-27T16:30:09","slug":"ceci-est-un-teste","status":"expired","type":"event_listing","link":"https:\/\/agirabcd31.fr\/2ae\/\u00e9v\u00e8nement\/ceci-est-un-teste\/","title":{"rendered":"Premi\u00e8re rencontre AGIR 2AE"},"content":{"rendered":"\n<p>Les mutations profondes de l&rsquo;environnement \u00e9conomique (r\u00e9volution digitale, nouveaux mod\u00e8les \u00e9conomiques&#8230;) impactent fortement le process de cr\u00e9ation d&rsquo;entreprise et d&rsquo;accompagnement de l&rsquo;entrepreneur.&nbsp;Face \u00e0 ce constat, la branche aide \u00e0 la cr\u00e9ation d&rsquo;entreprise d&rsquo;AGIR&nbsp;a cr\u00e9\u00e9 et d\u00e9ploy\u00e9 une nouvelle approche pour nos jeunes cr\u00e9ateurs d&rsquo;entreprise.&nbsp;<br>C\u2019est avec plaisir qu&rsquo;AGIR&nbsp;Toulouse vous invite le&nbsp;<strong>9 f\u00e9vrier<\/strong>&nbsp;\u00e0 notre rencontre annuelle autour de l&rsquo;aide \u00e0 la cr\u00e9ation d&rsquo;entreprise qui se tiendra&nbsp;<strong>de 16h30 \u00e0 18h30 \u00e0 NovaM\u00eal\u00e9e&nbsp;<\/strong>(27, rue d&rsquo;Aubuisson \u00e0 Toulouse).&nbsp;<br>Ce sera l&rsquo;occasion de vous pr\u00e9senter cette nouvelle approche favorisant nos compl\u00e9mentarit\u00e9s et nos actions et aussi de se rassembler, de mieux faire conna\u00eetre les activit\u00e9s respectives de chacun et celles d&rsquo;associations partenaires ou connexes.&nbsp;Un large temps de convivialit\u00e9 et d&rsquo;\u00e9change vous sera propos\u00e9 autour d&rsquo;un buffet debout. Le programme d\u00e9taill\u00e9 vous sera communiqu\u00e9 prochainement mais r\u00e9servez d&rsquo;ores et d\u00e9j\u00e0 la date de ce moment fort dans votre agenda !&nbsp;<\/p>\n\n\n\n<h3 class=\"wp-block-heading\">Retours :<\/h3>\n\n\n\n<p>Nous vous remercions sinc\u00e8rement de votre participation \u00e0 notre premi\u00e8re rencontre AGIR 2AE qui s\u2019est tenue le 9 f\u00e9vrier dernier \u00e0 Noval M\u00eal\u00e9e.&nbsp;<\/p>\n\n\n\n<p>Nous \u00e9tions plus de 50 personnes \u00e0 faire de cette rencontre un grand succ\u00e8s !<\/p>\n\n\n\n<p>Un grand merci \u00e0 nos partenaires, Mission Locale, BPI, Initiatives Haute Garonne, aux entrepreneurs qui ont accept\u00e9 de t\u00e9moigner et \u00e0 vous tous, les participants du forum.<\/p>\n\n\n\n<p>Nous esp\u00e9rons que cela vous a permis de mieux nous conna\u00eetre et \u00e9galement de rencontrer d\u2019autres acteurs agissant pour la cr\u00e9ation d\u2019entreprise.&nbsp;&nbsp;<\/p>\n\n\n\n<p>Certains d\u2019entre vous ont \u00e9mis le souhait de recevoir les pr\u00e9sentations et de poursuivre les contacts qui n\u2019ont pu se faire faute de temps pendant le forum ; vous trouverez ci-joint la liste des organismes participants pour vos \u00e9changes futurs ainsi que les supports pr\u00e9sent\u00e9s.<\/p>\n\n\n\n<p>Nous ne manquerons pas de vous contacter pour prolonger nos \u00e9changes et pour vous informer de l&rsquo;avancement de nos actions.<\/p>\n\n\n\n<p>Nous tenons enfin \u00e0 remercier encore notre h\u00f4te, La M\u00eal\u00e9e pour nous avoir accueilli lors cette rencontre.<\/p>\n\n\n\n<div style=\"height:40px\" aria-hidden=\"true\" class=\"wp-block-spacer\"><\/div>\n\n\n\n<h4 class=\"wp-block-heading\">\u00c9l\u00e9ments t\u00e9l\u00e9chargeables :<\/h4>\n\n\n\n<div class=\"wp-block-file\"><a id=\"wp-block-file--media-9e06c8a6-6606-4aa9-b3cb-5df2bc1446c8\" href=\"https:\/\/agirabcd31.fr\/2ae\/wp-content\/uploads\/2023\/03\/Liste-Organismes-Participants-Rencontre-AGIR-2AE-9-Fev-2023-1.pdf\">Liste-Organismes-Participants-Rencontre-AGIR-2AE-9-Fev-2023-1<\/a><a href=\"https:\/\/agirabcd31.fr\/2ae\/wp-content\/uploads\/2023\/03\/Liste-Organismes-Participants-Rencontre-AGIR-2AE-9-Fev-2023-1.pdf\" class=\"wp-block-file__button wp-element-button\" download aria-describedby=\"wp-block-file--media-9e06c8a6-6606-4aa9-b3cb-5df2bc1446c8\">T\u00e9l\u00e9charger<\/a><\/div>\n\n\n\n<div class=\"wp-block-file\"><a id=\"wp-block-file--media-9e06c8a6-6606-4aa9-b3cb-5df2bc1446c8\" href=\"https:\/\/agirabcd31.fr\/2ae\/wp-content\/uploads\/2023\/03\/Rencontre-AGIR-2AE-9-fevrier-2023-avec-compression.pdf\">Rencontre-AGIR-2AE-9-fevrier-2023-avec-compression<\/a><a href=\"https:\/\/agirabcd31.fr\/2ae\/wp-content\/uploads\/2023\/03\/Rencontre-AGIR-2AE-9-fevrier-2023-avec-compression.pdf\" class=\"wp-block-file__button wp-element-button\" download aria-describedby=\"wp-block-file--media-9e06c8a6-6606-4aa9-b3cb-5df2bc1446c8\">T\u00e9l\u00e9charger<\/a><\/div>\n","protected":false},"featured_media":545,"template":"","meta":[],"event_listing_category":[39],"event_listing_type":[47],"class_list":["post-544","event_listing","type-event_listing","status-expired","has-post-thumbnail","hentry","event_listing_category-rencontres","event_listing_type-archives"],"yoast_head":"<!-- This site is optimized with the Yoast SEO plugin v21.1 - https:\/\/yoast.com\/wordpress\/plugins\/seo\/ -->\n<title>Premi\u00e8re rencontre AGIR 2AE - Aide et Accompagnement \u00e0 l&#039;Entrepreneuriat<\/title>\n<meta name=\"robots\" content=\"index, follow, max-snippet:-1, max-image-preview:large, max-video-preview:-1\" \/>\n<link rel=\"canonical\" href=\"https:\/\/agirabcd31.fr\/2ae\/\u00e9v\u00e8nement\/ceci-est-un-teste\/\" \/>\n<meta property=\"og:locale\" content=\"fr_FR\" \/>\n<meta property=\"og:type\" content=\"article\" \/>\n<meta property=\"og:title\" content=\"Premi\u00e8re rencontre AGIR 2AE - Aide et Accompagnement \u00e0 l&#039;Entrepreneuriat\" \/>\n<meta property=\"og:description\" content=\"Les mutations profondes de l&rsquo;environnement \u00e9conomique (r\u00e9volution digitale, nouveaux mod\u00e8les \u00e9conomiques&#8230;) impactent fortement le process de cr\u00e9ation d&rsquo;entreprise et d&rsquo;accompagnement de l&rsquo;entrepreneur.&nbsp;Face \u00e0 ce constat, la branche aide \u00e0 la cr\u00e9ation d&rsquo;entreprise d&rsquo;AGIR&nbsp;a cr\u00e9\u00e9 et d\u00e9ploy\u00e9 une nouvelle approche pour nos jeunes cr\u00e9ateurs d&rsquo;entreprise.&nbsp;C\u2019est avec plaisir qu&rsquo;AGIR&nbsp;Toulouse vous invite le&nbsp;9 f\u00e9vrier&nbsp;\u00e0 notre rencontre annuelle autour [&hellip;]\" \/>\n<meta property=\"og:url\" content=\"https:\/\/agirabcd31.fr\/2ae\/\u00e9v\u00e8nement\/ceci-est-un-teste\/\" \/>\n<meta property=\"og:site_name\" content=\"Aide et Accompagnement \u00e0 l&#039;Entrepreneuriat\" \/>\n<meta property=\"article:modified_time\" content=\"2023-10-27T16:30:09+00:00\" \/>\n<meta property=\"og:image\" content=\"https:\/\/agirabcd31.fr\/2ae\/wp-content\/uploads\/2023\/03\/Premiere-rencontre-AGIR-2AE.jpg\" \/>\n\t<meta property=\"og:image:width\" content=\"1920\" \/>\n\t<meta property=\"og:image:height\" content=\"1080\" \/>\n\t<meta property=\"og:image:type\" content=\"image\/jpeg\" \/>\n<meta name=\"twitter:card\" content=\"summary_large_image\" \/>\n<meta name=\"twitter:label1\" content=\"Dur\u00e9e de lecture estim\u00e9e\" \/>\n\t<meta name=\"twitter:data1\" content=\"2 minutes\" \/>\n<script type=\"application\/ld+json\" class=\"yoast-schema-graph\">{\"@context\":\"https:\/\/schema.org\",\"@graph\":[{\"@type\":\"WebPage\",\"@id\":\"https:\/\/agirabcd31.fr\/2ae\/\u00e9v\u00e8nement\/ceci-est-un-teste\/\",\"url\":\"https:\/\/agirabcd31.fr\/2ae\/\u00e9v\u00e8nement\/ceci-est-un-teste\/\",\"name\":\"Premi\u00e8re rencontre AGIR 2AE - Aide et Accompagnement \u00e0 l&#039;Entrepreneuriat\",\"isPartOf\":{\"@id\":\"https:\/\/agirabcd31.fr\/2ae\/#website\"},\"datePublished\":\"2023-03-01T22:21:15+00:00\",\"dateModified\":\"2023-10-27T16:30:09+00:00\",\"breadcrumb\":{\"@id\":\"https:\/\/agirabcd31.fr\/2ae\/\u00e9v\u00e8nement\/ceci-est-un-teste\/#breadcrumb\"},\"inLanguage\":\"fr-FR\",\"potentialAction\":[{\"@type\":\"ReadAction\",\"target\":[\"https:\/\/agirabcd31.fr\/2ae\/\u00e9v\u00e8nement\/ceci-est-un-teste\/\"]}]},{\"@type\":\"BreadcrumbList\",\"@id\":\"https:\/\/agirabcd31.fr\/2ae\/\u00e9v\u00e8nement\/ceci-est-un-teste\/#breadcrumb\",\"itemListElement\":[{\"@type\":\"ListItem\",\"position\":1,\"name\":\"Accueil\",\"item\":\"https:\/\/agirabcd31.fr\/2ae\/\"},{\"@type\":\"ListItem\",\"position\":2,\"name\":\"Premi\u00e8re rencontre AGIR 2AE\"}]},{\"@type\":\"WebSite\",\"@id\":\"https:\/\/agirabcd31.fr\/2ae\/#website\",\"url\":\"https:\/\/agirabcd31.fr\/2ae\/\",\"name\":\"Aide et Accompagnement \u00e0 l'Entrepreneuriat\",\"description\":\"Un site utilisant WordPress\",\"publisher\":{\"@id\":\"https:\/\/agirabcd31.fr\/2ae\/#organization\"},\"potentialAction\":[{\"@type\":\"SearchAction\",\"target\":{\"@type\":\"EntryPoint\",\"urlTemplate\":\"https:\/\/agirabcd31.fr\/2ae\/?s={search_term_string}\"},\"query-input\":\"required name=search_term_string\"}],\"inLanguage\":\"fr-FR\"},{\"@type\":\"Organization\",\"@id\":\"https:\/\/agirabcd31.fr\/2ae\/#organization\",\"name\":\"Aide et Accompagnement \u00e0 l'Entrepreneuriat\",\"url\":\"https:\/\/agirabcd31.fr\/2ae\/\",\"logo\":{\"@type\":\"ImageObject\",\"inLanguage\":\"fr-FR\",\"@id\":\"https:\/\/agirabcd31.fr\/2ae\/#\/schema\/logo\/image\/\",\"url\":\"https:\/\/agirabcd31.fr\/2ae\/wp-content\/uploads\/2023\/02\/cropped-logo-AGIR-2AE-site.png\",\"contentUrl\":\"https:\/\/agirabcd31.fr\/2ae\/wp-content\/uploads\/2023\/02\/cropped-logo-AGIR-2AE-site.png\",\"width\":512,\"height\":512,\"caption\":\"Aide et Accompagnement \u00e0 l'Entrepreneuriat\"},\"image\":{\"@id\":\"https:\/\/agirabcd31.fr\/2ae\/#\/schema\/logo\/image\/\"}}]}<\/script>\n<!-- \/ Yoast SEO plugin. -->","yoast_head_json":{"title":"Premi\u00e8re rencontre AGIR 2AE - Aide et Accompagnement \u00e0 l&#039;Entrepreneuriat","robots":{"index":"index","follow":"follow","max-snippet":"max-snippet:-1","max-image-preview":"max-image-preview:large","max-video-preview":"max-video-preview:-1"},"canonical":"https:\/\/agirabcd31.fr\/2ae\/\u00e9v\u00e8nement\/ceci-est-un-teste\/","og_locale":"fr_FR","og_type":"article","og_title":"Premi\u00e8re rencontre AGIR 2AE - Aide et Accompagnement \u00e0 l&#039;Entrepreneuriat","og_description":"Les mutations profondes de l&rsquo;environnement \u00e9conomique (r\u00e9volution digitale, nouveaux mod\u00e8les \u00e9conomiques&#8230;) impactent fortement le process de cr\u00e9ation d&rsquo;entreprise et d&rsquo;accompagnement de l&rsquo;entrepreneur.&nbsp;Face \u00e0 ce constat, la branche aide \u00e0 la cr\u00e9ation d&rsquo;entreprise d&rsquo;AGIR&nbsp;a cr\u00e9\u00e9 et d\u00e9ploy\u00e9 une nouvelle approche pour nos jeunes cr\u00e9ateurs d&rsquo;entreprise.&nbsp;C\u2019est avec plaisir qu&rsquo;AGIR&nbsp;Toulouse vous invite le&nbsp;9 f\u00e9vrier&nbsp;\u00e0 notre rencontre annuelle autour [&hellip;]","og_url":"https:\/\/agirabcd31.fr\/2ae\/\u00e9v\u00e8nement\/ceci-est-un-teste\/","og_site_name":"Aide et Accompagnement \u00e0 l&#039;Entrepreneuriat","article_modified_time":"2023-10-27T16:30:09+00:00","og_image":[{"width":1920,"height":1080,"url":"https:\/\/agirabcd31.fr\/2ae\/wp-content\/uploads\/2023\/03\/Premiere-rencontre-AGIR-2AE.jpg","type":"image\/jpeg"}],"twitter_card":"summary_large_image","twitter_misc":{"Dur\u00e9e de lecture estim\u00e9e":"2 minutes"},"schema":{"@context":"https:\/\/schema.org","@graph":[{"@type":"WebPage","@id":"https:\/\/agirabcd31.fr\/2ae\/\u00e9v\u00e8nement\/ceci-est-un-teste\/","url":"https:\/\/agirabcd31.fr\/2ae\/\u00e9v\u00e8nement\/ceci-est-un-teste\/","name":"Premi\u00e8re rencontre AGIR 2AE - Aide et Accompagnement \u00e0 l&#039;Entrepreneuriat","isPartOf":{"@id":"https:\/\/agirabcd31.fr\/2ae\/#website"},"datePublished":"2023-03-01T22:21:15+00:00","dateModified":"2023-10-27T16:30:09+00:00","breadcrumb":{"@id":"https:\/\/agirabcd31.fr\/2ae\/\u00e9v\u00e8nement\/ceci-est-un-teste\/#breadcrumb"},"inLanguage":"fr-FR","potentialAction":[{"@type":"ReadAction","target":["https:\/\/agirabcd31.fr\/2ae\/\u00e9v\u00e8nement\/ceci-est-un-teste\/"]}]},{"@type":"BreadcrumbList","@id":"https:\/\/agirabcd31.fr\/2ae\/\u00e9v\u00e8nement\/ceci-est-un-teste\/#breadcrumb","itemListElement":[{"@type":"ListItem","position":1,"name":"Accueil","item":"https:\/\/agirabcd31.fr\/2ae\/"},{"@type":"ListItem","position":2,"name":"Premi\u00e8re rencontre AGIR 2AE"}]},{"@type":"WebSite","@id":"https:\/\/agirabcd31.fr\/2ae\/#website","url":"https:\/\/agirabcd31.fr\/2ae\/","name":"Aide et Accompagnement \u00e0 l'Entrepreneuriat","description":"Un site utilisant WordPress","publisher":{"@id":"https:\/\/agirabcd31.fr\/2ae\/#organization"},"potentialAction":[{"@type":"SearchAction","target":{"@type":"EntryPoint","urlTemplate":"https:\/\/agirabcd31.fr\/2ae\/?s={search_term_string}"},"query-input":"required name=search_term_string"}],"inLanguage":"fr-FR"},{"@type":"Organization","@id":"https:\/\/agirabcd31.fr\/2ae\/#organization","name":"Aide et Accompagnement \u00e0 l'Entrepreneuriat","url":"https:\/\/agirabcd31.fr\/2ae\/","logo":{"@type":"ImageObject","inLanguage":"fr-FR","@id":"https:\/\/agirabcd31.fr\/2ae\/#\/schema\/logo\/image\/","url":"https:\/\/agirabcd31.fr\/2ae\/wp-content\/uploads\/2023\/02\/cropped-logo-AGIR-2AE-site.png","contentUrl":"https:\/\/agirabcd31.fr\/2ae\/wp-content\/uploads\/2023\/02\/cropped-logo-AGIR-2AE-site.png","width":512,"height":512,"caption":"Aide et Accompagnement \u00e0 l'Entrepreneuriat"},"image":{"@id":"https:\/\/agirabcd31.fr\/2ae\/#\/schema\/logo\/image\/"}}]}},"_links":{"self":[{"href":"https:\/\/agirabcd31.fr\/2ae\/wp-json\/wp\/v2\/event_listing\/544","targetHints":{"allow":["GET"]}}],"collection":[{"href":"https:\/\/agirabcd31.fr\/2ae\/wp-json\/wp\/v2\/event_listing"}],"about":[{"href":"https:\/\/agirabcd31.fr\/2ae\/wp-json\/wp\/v2\/types\/event_listing"}],"wp:featuredmedia":[{"embeddable":true,"href":"https:\/\/agirabcd31.fr\/2ae\/wp-json\/wp\/v2\/media\/545"}],"wp:attachment":[{"href":"https:\/\/agirabcd31.fr\/2ae\/wp-json\/wp\/v2\/media?parent=544"}],"wp:term":[{"taxonomy":"event_listing_category","embeddable":true,"href":"https:\/\/agirabcd31.fr\/2ae\/wp-json\/wp\/v2\/event_listing_category?post=544"},{"taxonomy":"event_listing_type","embeddable":true,"href":"https:\/\/agirabcd31.fr\/2ae\/wp-json\/wp\/v2\/event_listing_type?post=544"}],"curies":[{"name":"wp","href":"https:\/\/api.w.org\/{rel}","templated":true}]}}